{"id":10210,"date":"2021-11-30T20:52:12","date_gmt":"2021-11-30T22:52:12","guid":{"rendered":"https:\/\/museuflorestal.ambiente.sp.gov.br\/acervo\/?post_type=tnc_col_329_item&#038;p=10210"},"modified":"2021-11-30T20:52:15","modified_gmt":"2021-11-30T22:52:15","slug":"miniatura-de-torrao-paulista","status":"publish","type":"tnc_col_329_item","link":"https:\/\/museuflorestal.ambiente.sp.gov.br\/acervo\/museu-florestal-octavio-vecchi\/miniatura-de-torrao-paulista\/","title":{"rendered":"Miniatura de torr\u00e3o paulista"},"content":{"rendered":"<p>Objeto de madeira com corpo retangular, apoiado em dois p\u00e9s alongados. Possui alavanca de metal no centro. Na parte superior h\u00e1 uma haste de metal fixa em uma haste de madeira. No p\u00e9 h\u00e1 uma etiqueta com a inscri\u00e7\u00e3o &#8220;OB-18&#8221;. Na parte inferior, h\u00e1 a inscri\u00e7\u00e3o \u00e0 caneta &#8220;OB-18&#8221;.<\/p>\n","protected":false},"featured_media":10212,"parent":0,"menu_order":0,"comment_status":"closed","ping_status":"closed","template":"","format":"standard","_links":{"self":[{"href":"https:\/\/museuflorestal.ambiente.sp.gov.br\/acervo\/wp-json\/wp\/v2\/tnc_col_329_item\/10210"}],"collection":[{"href":"https:\/\/museuflorestal.ambiente.sp.gov.br\/acervo\/wp-json\/wp\/v2\/tnc_col_329_item"}],"about":[{"href":"https:\/\/museuflorestal.ambiente.sp.gov.br\/acervo\/wp-json\/wp\/v2\/types\/tnc_col_329_item"}],"replies":[{"embeddable":true,"href":"https:\/\/museuflorestal.ambiente.sp.gov.br\/acervo\/wp-json\/wp\/v2\/comments?post=10210"}],"version-history":[{"count":0,"href":"https:\/\/museuflorestal.ambiente.sp.gov.br\/acervo\/wp-json\/wp\/v2\/tnc_col_329_item\/10210\/revisions"}],"wp:featuredmedia":[{"embeddable":true,"href":"https:\/\/museuflorestal.ambiente.sp.gov.br\/acervo\/wp-json\/wp\/v2\/media\/10212"}],"wp:attachment":[{"href":"https:\/\/museuflorestal.ambiente.sp.gov.br\/acervo\/wp-json\/wp\/v2\/media?parent=10210"}],"curies":[{"name":"wp","href":"https:\/\/api.w.org\/{rel}","templated":true}]}}