{"id":11528,"date":"2021-11-30T21:28:33","date_gmt":"2021-11-30T23:28:33","guid":{"rendered":"https:\/\/museuflorestal.ambiente.sp.gov.br\/acervo\/?post_type=tnc_col_329_item&#038;p=11528"},"modified":"2021-11-30T21:28:36","modified_gmt":"2021-11-30T23:28:36","slug":"bisel-de-zimbro-da-virginia","status":"publish","type":"tnc_col_329_item","link":"https:\/\/museuflorestal.ambiente.sp.gov.br\/acervo\/museu-florestal-octavio-vecchi\/bisel-de-zimbro-da-virginia\/","title":{"rendered":"Bisel de zimbro-da-virg\u00ednia"},"content":{"rendered":"<p>Tronco de \u00e1rvore com corte em bisel, exceto o corte transversal na parte de cima, que est\u00e1 aplainada. Apresenta casca com n\u00f3s e camadas verticais, cerne mais escuro do que a madeira, e \u00e9 poss\u00edvel ver os an\u00e9is da madeira. Em uma extremidade do corte vertical, h\u00e1 resqu\u00edcio de uma etiqueta retangular. Em uma extremidade da parte de cima h\u00e1 uma etiqueta retangular com a inscri\u00e7\u00e3o &#8220;MTB2-439&#8221;. Est\u00e1 parafusado na parte de baixo por quatro parafusos em uma base que acompanha o desenho do tronco. Em volta do tronco, em cima da base h\u00e1 tr\u00eas etiquetas retangulares, uma com o nome &#8220;zimbro da virginia&#8221;, outra com nome cient\u00edfico e outra com o nome da fam\u00edlia. Possui etiqueta de identifica\u00e7\u00e3o.<\/p>\n","protected":false},"featured_media":11529,"parent":0,"menu_order":0,"comment_status":"closed","ping_status":"closed","template":"","format":"standard","_links":{"self":[{"href":"https:\/\/museuflorestal.ambiente.sp.gov.br\/acervo\/wp-json\/wp\/v2\/tnc_col_329_item\/11528"}],"collection":[{"href":"https:\/\/museuflorestal.ambiente.sp.gov.br\/acervo\/wp-json\/wp\/v2\/tnc_col_329_item"}],"about":[{"href":"https:\/\/museuflorestal.ambiente.sp.gov.br\/acervo\/wp-json\/wp\/v2\/types\/tnc_col_329_item"}],"replies":[{"embeddable":true,"href":"https:\/\/museuflorestal.ambiente.sp.gov.br\/acervo\/wp-json\/wp\/v2\/comments?post=11528"}],"version-history":[{"count":0,"href":"https:\/\/museuflorestal.ambiente.sp.gov.br\/acervo\/wp-json\/wp\/v2\/tnc_col_329_item\/11528\/revisions"}],"wp:featuredmedia":[{"embeddable":true,"href":"https:\/\/museuflorestal.ambiente.sp.gov.br\/acervo\/wp-json\/wp\/v2\/media\/11529"}],"wp:attachment":[{"href":"https:\/\/museuflorestal.ambiente.sp.gov.br\/acervo\/wp-json\/wp\/v2\/media?parent=11528"}],"curies":[{"name":"wp","href":"https:\/\/api.w.org\/{rel}","templated":true}]}}