{"id":14074,"date":"2021-11-30T22:32:47","date_gmt":"2021-12-01T00:32:47","guid":{"rendered":"https:\/\/museuflorestal.ambiente.sp.gov.br\/acervo\/?post_type=tnc_col_329_item&#038;p=14074"},"modified":"2021-11-30T22:32:48","modified_gmt":"2021-12-01T00:32:48","slug":"pires-de-madeira-3","status":"publish","type":"tnc_col_329_item","link":"https:\/\/museuflorestal.ambiente.sp.gov.br\/acervo\/museu-florestal-octavio-vecchi\/pires-de-madeira-3\/","title":{"rendered":"Pires de madeira"},"content":{"rendered":"<p>Pires de madeira com aplica\u00e7\u00e3o de char\u00e3o. Na parte superior, possui depress\u00e3o circular no centro, com cor mais escura que nas bordas. Na parte posterior, h\u00e1 acabamento da base em formato de anel.<\/p>\n","protected":false},"featured_media":14075,"parent":0,"menu_order":0,"comment_status":"closed","ping_status":"closed","template":"","format":"standard","_links":{"self":[{"href":"https:\/\/museuflorestal.ambiente.sp.gov.br\/acervo\/wp-json\/wp\/v2\/tnc_col_329_item\/14074"}],"collection":[{"href":"https:\/\/museuflorestal.ambiente.sp.gov.br\/acervo\/wp-json\/wp\/v2\/tnc_col_329_item"}],"about":[{"href":"https:\/\/museuflorestal.ambiente.sp.gov.br\/acervo\/wp-json\/wp\/v2\/types\/tnc_col_329_item"}],"replies":[{"embeddable":true,"href":"https:\/\/museuflorestal.ambiente.sp.gov.br\/acervo\/wp-json\/wp\/v2\/comments?post=14074"}],"version-history":[{"count":0,"href":"https:\/\/museuflorestal.ambiente.sp.gov.br\/acervo\/wp-json\/wp\/v2\/tnc_col_329_item\/14074\/revisions"}],"wp:featuredmedia":[{"embeddable":true,"href":"https:\/\/museuflorestal.ambiente.sp.gov.br\/acervo\/wp-json\/wp\/v2\/media\/14075"}],"wp:attachment":[{"href":"https:\/\/museuflorestal.ambiente.sp.gov.br\/acervo\/wp-json\/wp\/v2\/media?parent=14074"}],"curies":[{"name":"wp","href":"https:\/\/api.w.org\/{rel}","templated":true}]}}