{"id":1472,"date":"2021-11-30T12:14:49","date_gmt":"2021-11-30T14:14:49","guid":{"rendered":"https:\/\/museuflorestal.ambiente.sp.gov.br\/acervo\/?post_type=tnc_col_329_item&#038;p=1472"},"modified":"2021-11-30T12:14:52","modified_gmt":"2021-11-30T14:14:52","slug":"porta-costura","status":"publish","type":"tnc_col_329_item","link":"https:\/\/museuflorestal.ambiente.sp.gov.br\/acervo\/museu-florestal-octavio-vecchi\/porta-costura\/","title":{"rendered":"Porta-costura"},"content":{"rendered":"<p>M\u00f3vel de tampo e base retangulares de madeira, na cor natural da madeira. Na parte superior h\u00e1 acabamentos retangulares em tonalidade caramelo. Nas laterais do tampo h\u00e1 dobradi\u00e7as que regulam sua abertura. Em cada lateral h\u00e1 uma al\u00e7a. Na parte inferior do tampo h\u00e1 uma placa de metal fixada por tachas com a inscri\u00e7\u00e3o &#8220;PSF913&#8221;. Em uma das faces h\u00e1 um ret\u00e2ngulo com veludo vermelho, que a cobre por completo. Possui a legenda &#8220;Porta costura, Nome popular: Brauna, Nome cient\u00edfico: Melanoxylon braun Schott, Fam\u00edlia: Leguminosae- Caesalpinoideae, Art\u00edfice: Raul de Paiva&#8221;.<\/p>\n","protected":false},"featured_media":1475,"parent":0,"menu_order":0,"comment_status":"closed","ping_status":"closed","template":"","format":"standard","_links":{"self":[{"href":"https:\/\/museuflorestal.ambiente.sp.gov.br\/acervo\/wp-json\/wp\/v2\/tnc_col_329_item\/1472"}],"collection":[{"href":"https:\/\/museuflorestal.ambiente.sp.gov.br\/acervo\/wp-json\/wp\/v2\/tnc_col_329_item"}],"about":[{"href":"https:\/\/museuflorestal.ambiente.sp.gov.br\/acervo\/wp-json\/wp\/v2\/types\/tnc_col_329_item"}],"replies":[{"embeddable":true,"href":"https:\/\/museuflorestal.ambiente.sp.gov.br\/acervo\/wp-json\/wp\/v2\/comments?post=1472"}],"version-history":[{"count":0,"href":"https:\/\/museuflorestal.ambiente.sp.gov.br\/acervo\/wp-json\/wp\/v2\/tnc_col_329_item\/1472\/revisions"}],"wp:featuredmedia":[{"embeddable":true,"href":"https:\/\/museuflorestal.ambiente.sp.gov.br\/acervo\/wp-json\/wp\/v2\/media\/1475"}],"wp:attachment":[{"href":"https:\/\/museuflorestal.ambiente.sp.gov.br\/acervo\/wp-json\/wp\/v2\/media?parent=1472"}],"curies":[{"name":"wp","href":"https:\/\/api.w.org\/{rel}","templated":true}]}}