{"id":15250,"date":"2021-11-30T23:01:30","date_gmt":"2021-12-01T01:01:30","guid":{"rendered":"https:\/\/museuflorestal.ambiente.sp.gov.br\/acervo\/?post_type=tnc_col_329_item&#038;p=15250"},"modified":"2021-11-30T23:01:32","modified_gmt":"2021-12-01T01:01:32","slug":"caixa-com-tampa-e-aplicacao-de-charao-6","status":"publish","type":"tnc_col_329_item","link":"https:\/\/museuflorestal.ambiente.sp.gov.br\/acervo\/museu-florestal-octavio-vecchi\/caixa-com-tampa-e-aplicacao-de-charao-6\/","title":{"rendered":"Caixa com tampa e aplica\u00e7\u00e3o de char\u00e3o"},"content":{"rendered":"<p>Caixa retangular de madeira com aplica\u00e7\u00e3o de char\u00e3o em toda sua extens\u00e3o. Na parte interna de uma das laterais maiores, h\u00e1 um mecanismo de fechadura met\u00e1lica. Do lado de fora h\u00e1 o furo para a chave. Na lateral menor h\u00e1 o entalhe &#8220;15&#8221;. Na face da base tem uma aplica\u00e7\u00e3o inicial de char\u00e3o, com textura \u00e1spera, e na extremidade h\u00e1 uma etiqueta com a inscri\u00e7\u00e3o &#8220;CH-25&#8221;. Possui a tampa solta e com as bordas levemente declinadas. Na lateral maior h\u00e1 entalhes retangulares para encaixe da dobradi\u00e7a e a lateral menor possui o entalhe &#8220;14&#8221;. Na face interna, pr\u00f3ximo da extremidade, h\u00e1 uma etiqueta com a inscri\u00e7\u00e3o&#8221;CH-43&#8243;.<\/p>\n","protected":false},"featured_media":15251,"parent":0,"menu_order":0,"comment_status":"closed","ping_status":"closed","template":"","format":"standard","_links":{"self":[{"href":"https:\/\/museuflorestal.ambiente.sp.gov.br\/acervo\/wp-json\/wp\/v2\/tnc_col_329_item\/15250"}],"collection":[{"href":"https:\/\/museuflorestal.ambiente.sp.gov.br\/acervo\/wp-json\/wp\/v2\/tnc_col_329_item"}],"about":[{"href":"https:\/\/museuflorestal.ambiente.sp.gov.br\/acervo\/wp-json\/wp\/v2\/types\/tnc_col_329_item"}],"replies":[{"embeddable":true,"href":"https:\/\/museuflorestal.ambiente.sp.gov.br\/acervo\/wp-json\/wp\/v2\/comments?post=15250"}],"version-history":[{"count":0,"href":"https:\/\/museuflorestal.ambiente.sp.gov.br\/acervo\/wp-json\/wp\/v2\/tnc_col_329_item\/15250\/revisions"}],"wp:featuredmedia":[{"embeddable":true,"href":"https:\/\/museuflorestal.ambiente.sp.gov.br\/acervo\/wp-json\/wp\/v2\/media\/15251"}],"wp:attachment":[{"href":"https:\/\/museuflorestal.ambiente.sp.gov.br\/acervo\/wp-json\/wp\/v2\/media?parent=15250"}],"curies":[{"name":"wp","href":"https:\/\/api.w.org\/{rel}","templated":true}]}}