{"id":15656,"date":"2021-11-30T23:10:44","date_gmt":"2021-12-01T01:10:44","guid":{"rendered":"https:\/\/museuflorestal.ambiente.sp.gov.br\/acervo\/?post_type=tnc_col_329_item&#038;p=15656"},"modified":"2021-11-30T23:10:47","modified_gmt":"2021-12-01T01:10:47","slug":"taco-desenhado-no-27","status":"publish","type":"tnc_col_329_item","link":"https:\/\/museuflorestal.ambiente.sp.gov.br\/acervo\/museu-florestal-octavio-vecchi\/taco-desenhado-no-27\/","title":{"rendered":"Taco desenhado n\u00ba 27"},"content":{"rendered":"<p>Taco retangular de madeira. Em uma das faces, fundo branco com desenho feito em grafite de uma boca de fog\u00e3o com uma caneca em cima e, ao lado, uma panela virada para baixo. No verso h\u00e1 a inscri\u00e7\u00e3o &#8220;27&#8221;.<\/p>\n","protected":false},"featured_media":15657,"parent":0,"menu_order":0,"comment_status":"closed","ping_status":"closed","template":"","format":"standard","_links":{"self":[{"href":"https:\/\/museuflorestal.ambiente.sp.gov.br\/acervo\/wp-json\/wp\/v2\/tnc_col_329_item\/15656"}],"collection":[{"href":"https:\/\/museuflorestal.ambiente.sp.gov.br\/acervo\/wp-json\/wp\/v2\/tnc_col_329_item"}],"about":[{"href":"https:\/\/museuflorestal.ambiente.sp.gov.br\/acervo\/wp-json\/wp\/v2\/types\/tnc_col_329_item"}],"replies":[{"embeddable":true,"href":"https:\/\/museuflorestal.ambiente.sp.gov.br\/acervo\/wp-json\/wp\/v2\/comments?post=15656"}],"version-history":[{"count":0,"href":"https:\/\/museuflorestal.ambiente.sp.gov.br\/acervo\/wp-json\/wp\/v2\/tnc_col_329_item\/15656\/revisions"}],"wp:featuredmedia":[{"embeddable":true,"href":"https:\/\/museuflorestal.ambiente.sp.gov.br\/acervo\/wp-json\/wp\/v2\/media\/15657"}],"wp:attachment":[{"href":"https:\/\/museuflorestal.ambiente.sp.gov.br\/acervo\/wp-json\/wp\/v2\/media?parent=15656"}],"curies":[{"name":"wp","href":"https:\/\/api.w.org\/{rel}","templated":true}]}}