{"id":15681,"date":"2021-11-30T23:11:11","date_gmt":"2021-12-01T01:11:11","guid":{"rendered":"https:\/\/museuflorestal.ambiente.sp.gov.br\/acervo\/?post_type=tnc_col_329_item&#038;p=15681"},"modified":"2021-11-30T23:11:14","modified_gmt":"2021-12-01T01:11:14","slug":"taco-desenhado-no-32","status":"publish","type":"tnc_col_329_item","link":"https:\/\/museuflorestal.ambiente.sp.gov.br\/acervo\/museu-florestal-octavio-vecchi\/taco-desenhado-no-32\/","title":{"rendered":"Taco desenhado n\u00ba 32"},"content":{"rendered":"<p>Taco retangular de madeira, com uma das laterais cortadas. Em uma das faces, fundo branco com desenho feito em grafite de figura masculina de chap\u00e9u, virada levemente para esquerda. No verso h\u00e1 a inscri\u00e7\u00e3o &#8220;32&#8221; e uma assinatura ileg\u00edvel a l\u00e1pis.<\/p>\n","protected":false},"featured_media":15682,"parent":0,"menu_order":0,"comment_status":"closed","ping_status":"closed","template":"","format":"standard","_links":{"self":[{"href":"https:\/\/museuflorestal.ambiente.sp.gov.br\/acervo\/wp-json\/wp\/v2\/tnc_col_329_item\/15681"}],"collection":[{"href":"https:\/\/museuflorestal.ambiente.sp.gov.br\/acervo\/wp-json\/wp\/v2\/tnc_col_329_item"}],"about":[{"href":"https:\/\/museuflorestal.ambiente.sp.gov.br\/acervo\/wp-json\/wp\/v2\/types\/tnc_col_329_item"}],"replies":[{"embeddable":true,"href":"https:\/\/museuflorestal.ambiente.sp.gov.br\/acervo\/wp-json\/wp\/v2\/comments?post=15681"}],"version-history":[{"count":0,"href":"https:\/\/museuflorestal.ambiente.sp.gov.br\/acervo\/wp-json\/wp\/v2\/tnc_col_329_item\/15681\/revisions"}],"wp:featuredmedia":[{"embeddable":true,"href":"https:\/\/museuflorestal.ambiente.sp.gov.br\/acervo\/wp-json\/wp\/v2\/media\/15682"}],"wp:attachment":[{"href":"https:\/\/museuflorestal.ambiente.sp.gov.br\/acervo\/wp-json\/wp\/v2\/media?parent=15681"}],"curies":[{"name":"wp","href":"https:\/\/api.w.org\/{rel}","templated":true}]}}