{"id":15821,"date":"2021-11-30T23:14:55","date_gmt":"2021-12-01T01:14:55","guid":{"rendered":"https:\/\/museuflorestal.ambiente.sp.gov.br\/acervo\/?post_type=tnc_col_329_item&#038;p=15821"},"modified":"2021-11-30T23:14:58","modified_gmt":"2021-12-01T01:14:58","slug":"taco-desenhado-no-68","status":"publish","type":"tnc_col_329_item","link":"https:\/\/museuflorestal.ambiente.sp.gov.br\/acervo\/museu-florestal-octavio-vecchi\/taco-desenhado-no-68\/","title":{"rendered":"Taco desenhado n\u00ba 68"},"content":{"rendered":"<p>Taco retangular de madeira. Em uma das faces, fundo branco com desenho feito em grafite de balan\u00e7a mec\u00e2nica com bandeja no topo. No corpo da balan\u00e7a h\u00e1 motivos geom\u00e9tricos. No verso h\u00e1 as inscri\u00e7\u00f5es &#8220;68&#8221; e &#8220;5-3-45&#8221;.<\/p>\n","protected":false},"featured_media":15822,"parent":0,"menu_order":0,"comment_status":"closed","ping_status":"closed","template":"","format":"standard","_links":{"self":[{"href":"https:\/\/museuflorestal.ambiente.sp.gov.br\/acervo\/wp-json\/wp\/v2\/tnc_col_329_item\/15821"}],"collection":[{"href":"https:\/\/museuflorestal.ambiente.sp.gov.br\/acervo\/wp-json\/wp\/v2\/tnc_col_329_item"}],"about":[{"href":"https:\/\/museuflorestal.ambiente.sp.gov.br\/acervo\/wp-json\/wp\/v2\/types\/tnc_col_329_item"}],"replies":[{"embeddable":true,"href":"https:\/\/museuflorestal.ambiente.sp.gov.br\/acervo\/wp-json\/wp\/v2\/comments?post=15821"}],"version-history":[{"count":0,"href":"https:\/\/museuflorestal.ambiente.sp.gov.br\/acervo\/wp-json\/wp\/v2\/tnc_col_329_item\/15821\/revisions"}],"wp:featuredmedia":[{"embeddable":true,"href":"https:\/\/museuflorestal.ambiente.sp.gov.br\/acervo\/wp-json\/wp\/v2\/media\/15822"}],"wp:attachment":[{"href":"https:\/\/museuflorestal.ambiente.sp.gov.br\/acervo\/wp-json\/wp\/v2\/media?parent=15821"}],"curies":[{"name":"wp","href":"https:\/\/api.w.org\/{rel}","templated":true}]}}