{"id":15944,"date":"2021-11-30T23:18:41","date_gmt":"2021-12-01T01:18:41","guid":{"rendered":"https:\/\/museuflorestal.ambiente.sp.gov.br\/acervo\/?post_type=tnc_col_329_item&#038;p=15944"},"modified":"2021-11-30T23:18:44","modified_gmt":"2021-12-01T01:18:44","slug":"taco-desenhado-no-106","status":"publish","type":"tnc_col_329_item","link":"https:\/\/museuflorestal.ambiente.sp.gov.br\/acervo\/museu-florestal-octavio-vecchi\/taco-desenhado-no-106\/","title":{"rendered":"Taco desenhado n\u00ba 106"},"content":{"rendered":"<p>Taco retangular de madeira. Em uma das faces, fundo branco com desenho feito em grafite de paisagem com constru\u00e7\u00e3o baixa de onde est\u00e1 saindo um porco pela porta. \u00c0 esquerda h\u00e1 outro porco, com \u00e1rvore e cerca ao fundo; e \u00e0 direita, outro porco. No verso h\u00e1 as inscri\u00e7\u00f5es &#8220;106&#8221;, &#8220;WM&#8221; e &#8220;17-2-43&#8221;.<\/p>\n","protected":false},"featured_media":15945,"parent":0,"menu_order":0,"comment_status":"closed","ping_status":"closed","template":"","format":"standard","_links":{"self":[{"href":"https:\/\/museuflorestal.ambiente.sp.gov.br\/acervo\/wp-json\/wp\/v2\/tnc_col_329_item\/15944"}],"collection":[{"href":"https:\/\/museuflorestal.ambiente.sp.gov.br\/acervo\/wp-json\/wp\/v2\/tnc_col_329_item"}],"about":[{"href":"https:\/\/museuflorestal.ambiente.sp.gov.br\/acervo\/wp-json\/wp\/v2\/types\/tnc_col_329_item"}],"replies":[{"embeddable":true,"href":"https:\/\/museuflorestal.ambiente.sp.gov.br\/acervo\/wp-json\/wp\/v2\/comments?post=15944"}],"version-history":[{"count":0,"href":"https:\/\/museuflorestal.ambiente.sp.gov.br\/acervo\/wp-json\/wp\/v2\/tnc_col_329_item\/15944\/revisions"}],"wp:featuredmedia":[{"embeddable":true,"href":"https:\/\/museuflorestal.ambiente.sp.gov.br\/acervo\/wp-json\/wp\/v2\/media\/15945"}],"wp:attachment":[{"href":"https:\/\/museuflorestal.ambiente.sp.gov.br\/acervo\/wp-json\/wp\/v2\/media?parent=15944"}],"curies":[{"name":"wp","href":"https:\/\/api.w.org\/{rel}","templated":true}]}}