{"id":656,"date":"2021-11-30T11:55:05","date_gmt":"2021-11-30T13:55:05","guid":{"rendered":"https:\/\/museuflorestal.ambiente.sp.gov.br\/acervo\/?post_type=tnc_col_329_item&#038;p=656"},"modified":"2021-11-30T11:55:09","modified_gmt":"2021-11-30T13:55:09","slug":"arcos-hall","status":"publish","type":"tnc_col_329_item","link":"https:\/\/museuflorestal.ambiente.sp.gov.br\/acervo\/museu-florestal-octavio-vecchi\/arcos-hall\/","title":{"rendered":"Arcos, Hall"},"content":{"rendered":"<p>Dois arcos de madeira, canela-amarela de duas esp\u00e9cies, que separam o Hall das salas subsequentes. Possuem acabamentos em formatos de losangos. No topo h\u00e1 um bocal. Cada arco possui duas arandelas de madeira de ma\u00e7aranduba, com dois bocais cada, com detalhes vazados e entalhes decorativos. Em cada arco h\u00e1 duas floreiras que seguem os padr\u00f5es decorativos do arco.<\/p>\n","protected":false},"featured_media":657,"parent":0,"menu_order":0,"comment_status":"closed","ping_status":"closed","template":"","format":"standard","_links":{"self":[{"href":"https:\/\/museuflorestal.ambiente.sp.gov.br\/acervo\/wp-json\/wp\/v2\/tnc_col_329_item\/656"}],"collection":[{"href":"https:\/\/museuflorestal.ambiente.sp.gov.br\/acervo\/wp-json\/wp\/v2\/tnc_col_329_item"}],"about":[{"href":"https:\/\/museuflorestal.ambiente.sp.gov.br\/acervo\/wp-json\/wp\/v2\/types\/tnc_col_329_item"}],"replies":[{"embeddable":true,"href":"https:\/\/museuflorestal.ambiente.sp.gov.br\/acervo\/wp-json\/wp\/v2\/comments?post=656"}],"version-history":[{"count":0,"href":"https:\/\/museuflorestal.ambiente.sp.gov.br\/acervo\/wp-json\/wp\/v2\/tnc_col_329_item\/656\/revisions"}],"wp:featuredmedia":[{"embeddable":true,"href":"https:\/\/museuflorestal.ambiente.sp.gov.br\/acervo\/wp-json\/wp\/v2\/media\/657"}],"wp:attachment":[{"href":"https:\/\/museuflorestal.ambiente.sp.gov.br\/acervo\/wp-json\/wp\/v2\/media?parent=656"}],"curies":[{"name":"wp","href":"https:\/\/api.w.org\/{rel}","templated":true}]}}