{"id":6780,"date":"2021-11-30T14:35:52","date_gmt":"2021-11-30T16:35:52","guid":{"rendered":"https:\/\/museuflorestal.ambiente.sp.gov.br\/acervo\/?post_type=tnc_col_329_item&#038;p=6780"},"modified":"2021-11-30T14:35:56","modified_gmt":"2021-11-30T16:35:56","slug":"porta-retrato-com-aquarela-de-helio-ferreira-leao","status":"publish","type":"tnc_col_329_item","link":"https:\/\/museuflorestal.ambiente.sp.gov.br\/acervo\/museu-florestal-octavio-vecchi\/porta-retrato-com-aquarela-de-helio-ferreira-leao\/","title":{"rendered":"Porta-retrato com aquarela de H\u00e9lio Ferreira Le\u00e3o"},"content":{"rendered":"<p>Porta-retrato oval com base retangular de madeira, na cor natural da madeira. Possui tr\u00eas acabamentos em metal dourado em cada lateral. No centro h\u00e1 um desenho em aquarela sobre papel pardo, representando um galho com oito folhas e outro galho de folhas verdes. No canto inferior esquerdo h\u00e1 a assinatura &#8220;Helio Ferreira Le\u00e3o 1947&#8221;. Na parte frontal da base h\u00e1 o entalhe &#8220;M619&#8221; e a inscri\u00e7\u00e3o &#8220;OB-44&#8221;. No verso h\u00e1 uma trave de madeira que atravessa o porta-retrato. No fundo h\u00e1 tecido verde e a inscri\u00e7\u00e3o \u00e0 caneta preta &#8220;OB-44&#8221;.<\/p>\n","protected":false},"featured_media":6785,"parent":0,"menu_order":0,"comment_status":"closed","ping_status":"closed","template":"","format":"standard","_links":{"self":[{"href":"https:\/\/museuflorestal.ambiente.sp.gov.br\/acervo\/wp-json\/wp\/v2\/tnc_col_329_item\/6780"}],"collection":[{"href":"https:\/\/museuflorestal.ambiente.sp.gov.br\/acervo\/wp-json\/wp\/v2\/tnc_col_329_item"}],"about":[{"href":"https:\/\/museuflorestal.ambiente.sp.gov.br\/acervo\/wp-json\/wp\/v2\/types\/tnc_col_329_item"}],"replies":[{"embeddable":true,"href":"https:\/\/museuflorestal.ambiente.sp.gov.br\/acervo\/wp-json\/wp\/v2\/comments?post=6780"}],"version-history":[{"count":0,"href":"https:\/\/museuflorestal.ambiente.sp.gov.br\/acervo\/wp-json\/wp\/v2\/tnc_col_329_item\/6780\/revisions"}],"wp:featuredmedia":[{"embeddable":true,"href":"https:\/\/museuflorestal.ambiente.sp.gov.br\/acervo\/wp-json\/wp\/v2\/media\/6785"}],"wp:attachment":[{"href":"https:\/\/museuflorestal.ambiente.sp.gov.br\/acervo\/wp-json\/wp\/v2\/media?parent=6780"}],"curies":[{"name":"wp","href":"https:\/\/api.w.org\/{rel}","templated":true}]}}