{"id":7016,"date":"2021-11-30T14:42:56","date_gmt":"2021-11-30T16:42:56","guid":{"rendered":"https:\/\/museuflorestal.ambiente.sp.gov.br\/acervo\/?post_type=tnc_col_329_item&#038;p=7016"},"modified":"2021-11-30T14:42:57","modified_gmt":"2021-11-30T16:42:57","slug":"balde-com-suporte","status":"publish","type":"tnc_col_329_item","link":"https:\/\/museuflorestal.ambiente.sp.gov.br\/acervo\/museu-florestal-octavio-vecchi\/balde-com-suporte\/","title":{"rendered":"Balde com suporte"},"content":{"rendered":"<p>Balde e suporte de madeira, na cor natural da madeira. O balde \u00e9 composto de t\u00e1buas dispostas verticalmente e um fundo circular com duas tiras de metal dispostas perpendicularmente ao redor das t\u00e1buas. Na tira de cima h\u00e1 duas argolas de metal fixadas por parafusos, em cada lateral do balde. No fundo do balde h\u00e1 tecido colado. O suporte \u00e9 circular, com acabamentos torneados vazados ao redor da borda. Possui quatro p\u00e9s torneados com acabamentos em formato de cubo acima de cada p\u00e9 e duas traves que conectam os p\u00e9s e se cruzam ao meio. Na parte inferior do suporte h\u00e1 uma placa de metal fixada por tachas com a inscri\u00e7\u00e3o &#8220;PSF923&#8221;.<\/p>\n","protected":false},"featured_media":7019,"parent":0,"menu_order":0,"comment_status":"closed","ping_status":"closed","template":"","format":"standard","_links":{"self":[{"href":"https:\/\/museuflorestal.ambiente.sp.gov.br\/acervo\/wp-json\/wp\/v2\/tnc_col_329_item\/7016"}],"collection":[{"href":"https:\/\/museuflorestal.ambiente.sp.gov.br\/acervo\/wp-json\/wp\/v2\/tnc_col_329_item"}],"about":[{"href":"https:\/\/museuflorestal.ambiente.sp.gov.br\/acervo\/wp-json\/wp\/v2\/types\/tnc_col_329_item"}],"replies":[{"embeddable":true,"href":"https:\/\/museuflorestal.ambiente.sp.gov.br\/acervo\/wp-json\/wp\/v2\/comments?post=7016"}],"version-history":[{"count":0,"href":"https:\/\/museuflorestal.ambiente.sp.gov.br\/acervo\/wp-json\/wp\/v2\/tnc_col_329_item\/7016\/revisions"}],"wp:featuredmedia":[{"embeddable":true,"href":"https:\/\/museuflorestal.ambiente.sp.gov.br\/acervo\/wp-json\/wp\/v2\/media\/7019"}],"wp:attachment":[{"href":"https:\/\/museuflorestal.ambiente.sp.gov.br\/acervo\/wp-json\/wp\/v2\/media?parent=7016"}],"curies":[{"name":"wp","href":"https:\/\/api.w.org\/{rel}","templated":true}]}}