{"id":9087,"date":"2021-11-30T20:10:07","date_gmt":"2021-11-30T22:10:07","guid":{"rendered":"https:\/\/museuflorestal.ambiente.sp.gov.br\/acervo\/?post_type=tnc_col_329_item&#038;p=9087"},"modified":"2021-11-30T20:10:12","modified_gmt":"2021-11-30T22:10:12","slug":"diapositivo-156","status":"publish","type":"tnc_col_329_item","link":"https:\/\/museuflorestal.ambiente.sp.gov.br\/acervo\/museu-florestal-octavio-vecchi\/diapositivo-156\/","title":{"rendered":"Diapositivo 156"},"content":{"rendered":"<p>Diapositivo de estereoscopia em vidro retratando filha de Oct\u00e1vio Vecchi ao centro, duas mulheres \u00e0 esquerda, uma delas com uma crian\u00e7a no colo em frente da entrada da resid\u00eancia de Oct\u00e1vio Vecchi em Araras, S\u00e3o Paulo.<\/p>\n","protected":false},"featured_media":9088,"parent":0,"menu_order":0,"comment_status":"closed","ping_status":"closed","template":"","format":"standard","_links":{"self":[{"href":"https:\/\/museuflorestal.ambiente.sp.gov.br\/acervo\/wp-json\/wp\/v2\/tnc_col_329_item\/9087"}],"collection":[{"href":"https:\/\/museuflorestal.ambiente.sp.gov.br\/acervo\/wp-json\/wp\/v2\/tnc_col_329_item"}],"about":[{"href":"https:\/\/museuflorestal.ambiente.sp.gov.br\/acervo\/wp-json\/wp\/v2\/types\/tnc_col_329_item"}],"replies":[{"embeddable":true,"href":"https:\/\/museuflorestal.ambiente.sp.gov.br\/acervo\/wp-json\/wp\/v2\/comments?post=9087"}],"version-history":[{"count":0,"href":"https:\/\/museuflorestal.ambiente.sp.gov.br\/acervo\/wp-json\/wp\/v2\/tnc_col_329_item\/9087\/revisions"}],"wp:featuredmedia":[{"embeddable":true,"href":"https:\/\/museuflorestal.ambiente.sp.gov.br\/acervo\/wp-json\/wp\/v2\/media\/9088"}],"wp:attachment":[{"href":"https:\/\/museuflorestal.ambiente.sp.gov.br\/acervo\/wp-json\/wp\/v2\/media?parent=9087"}],"curies":[{"name":"wp","href":"https:\/\/api.w.org\/{rel}","templated":true}]}}