{"id":9379,"date":"2021-11-30T20:20:13","date_gmt":"2021-11-30T22:20:13","guid":{"rendered":"https:\/\/museuflorestal.ambiente.sp.gov.br\/acervo\/?post_type=tnc_col_329_item&#038;p=9379"},"modified":"2021-11-30T20:20:18","modified_gmt":"2021-11-30T22:20:18","slug":"livreto-o-naturalista-octavio-vecchi","status":"publish","type":"tnc_col_329_item","link":"https:\/\/museuflorestal.ambiente.sp.gov.br\/acervo\/museu-florestal-octavio-vecchi\/livreto-o-naturalista-octavio-vecchi\/","title":{"rendered":"Livreto &#8220;O naturalista Oct\u00e1vio Vecchi&#8221;"},"content":{"rendered":"<p>Livreto contendo a descri\u00e7\u00e3o da palestra realizada na Biblioteca Municipal de S\u00e3o Paulo, em 28 de agosto de 1943, por J. V. Santos, chefe da Se\u00e7\u00e3o de Defesa Florestal do Servi\u00e7o Florestal do Estado.<\/p>\n","protected":false},"featured_media":9384,"parent":0,"menu_order":0,"comment_status":"closed","ping_status":"closed","template":"","format":"standard","_links":{"self":[{"href":"https:\/\/museuflorestal.ambiente.sp.gov.br\/acervo\/wp-json\/wp\/v2\/tnc_col_329_item\/9379"}],"collection":[{"href":"https:\/\/museuflorestal.ambiente.sp.gov.br\/acervo\/wp-json\/wp\/v2\/tnc_col_329_item"}],"about":[{"href":"https:\/\/museuflorestal.ambiente.sp.gov.br\/acervo\/wp-json\/wp\/v2\/types\/tnc_col_329_item"}],"replies":[{"embeddable":true,"href":"https:\/\/museuflorestal.ambiente.sp.gov.br\/acervo\/wp-json\/wp\/v2\/comments?post=9379"}],"version-history":[{"count":0,"href":"https:\/\/museuflorestal.ambiente.sp.gov.br\/acervo\/wp-json\/wp\/v2\/tnc_col_329_item\/9379\/revisions"}],"wp:featuredmedia":[{"embeddable":true,"href":"https:\/\/museuflorestal.ambiente.sp.gov.br\/acervo\/wp-json\/wp\/v2\/media\/9384"}],"wp:attachment":[{"href":"https:\/\/museuflorestal.ambiente.sp.gov.br\/acervo\/wp-json\/wp\/v2\/media?parent=9379"}],"curies":[{"name":"wp","href":"https:\/\/api.w.org\/{rel}","templated":true}]}}