{"id":9545,"date":"2021-11-30T20:25:54","date_gmt":"2021-11-30T22:25:54","guid":{"rendered":"https:\/\/museuflorestal.ambiente.sp.gov.br\/acervo\/?post_type=tnc_col_329_item&#038;p=9545"},"modified":"2021-11-30T20:25:58","modified_gmt":"2021-11-30T22:25:58","slug":"estere-de-lenha-2","status":"publish","type":"tnc_col_329_item","link":"https:\/\/museuflorestal.ambiente.sp.gov.br\/acervo\/museu-florestal-octavio-vecchi\/estere-de-lenha-2\/","title":{"rendered":"Estere de lenha"},"content":{"rendered":"<p>Maquete representando diversas toras de madeira empilhadas, presas por quatro peda\u00e7os de madeira retos, escorados por outro peda\u00e7o de madeira pregado. Em cima dos troncos h\u00e1 um arame preso \u00e0 base que prendem as toras. A maquete est\u00e1 sobre uma base quadrada de madeira. Em uma extremidade dela h\u00e1 uma etiqueta com a inscri\u00e7\u00e3o &#8220;Estere de lenha&#8221;. H\u00e1 espuma de polietileno colada na base.<\/p>\n","protected":false},"featured_media":9547,"parent":0,"menu_order":0,"comment_status":"closed","ping_status":"closed","template":"","format":"standard","_links":{"self":[{"href":"https:\/\/museuflorestal.ambiente.sp.gov.br\/acervo\/wp-json\/wp\/v2\/tnc_col_329_item\/9545"}],"collection":[{"href":"https:\/\/museuflorestal.ambiente.sp.gov.br\/acervo\/wp-json\/wp\/v2\/tnc_col_329_item"}],"about":[{"href":"https:\/\/museuflorestal.ambiente.sp.gov.br\/acervo\/wp-json\/wp\/v2\/types\/tnc_col_329_item"}],"replies":[{"embeddable":true,"href":"https:\/\/museuflorestal.ambiente.sp.gov.br\/acervo\/wp-json\/wp\/v2\/comments?post=9545"}],"version-history":[{"count":0,"href":"https:\/\/museuflorestal.ambiente.sp.gov.br\/acervo\/wp-json\/wp\/v2\/tnc_col_329_item\/9545\/revisions"}],"wp:featuredmedia":[{"embeddable":true,"href":"https:\/\/museuflorestal.ambiente.sp.gov.br\/acervo\/wp-json\/wp\/v2\/media\/9547"}],"wp:attachment":[{"href":"https:\/\/museuflorestal.ambiente.sp.gov.br\/acervo\/wp-json\/wp\/v2\/media?parent=9545"}],"curies":[{"name":"wp","href":"https:\/\/api.w.org\/{rel}","templated":true}]}}