{"id":9564,"date":"2021-11-30T20:30:05","date_gmt":"2021-11-30T22:30:05","guid":{"rendered":"https:\/\/museuflorestal.ambiente.sp.gov.br\/acervo\/?post_type=tnc_col_329_item&#038;p=9564"},"modified":"2021-11-30T20:30:31","modified_gmt":"2021-11-30T22:30:31","slug":"tabuas-entabicadas-3","status":"publish","type":"tnc_col_329_item","link":"https:\/\/museuflorestal.ambiente.sp.gov.br\/acervo\/museu-florestal-octavio-vecchi\/tabuas-entabicadas-3\/","title":{"rendered":"T\u00e1buas entabicadas"},"content":{"rendered":"<p>Maquete representando uma pilha de t\u00e1buas de madeira, divididas em oito partes com cinco pranchas cada, separadas por quatro pranchas de madeira. Est\u00e1 colada em uma base retangular de madeira, em uma das extremidades h\u00e1 uma etiqueta com a inscri\u00e7\u00e3o &#8220;T\u00e1buas entabicadas&#8221;, e outra com a inscri\u00e7\u00e3o &#8220;OB-182&#8221;. No topo da tabua, h\u00e1 dois pregos em cada extremidade superior pregados na prancha de separa\u00e7\u00e3o. Na parte posterior da base h\u00e1 tecido de veludo vermelho colado.<\/p>\n","protected":false},"featured_media":9565,"parent":0,"menu_order":0,"comment_status":"closed","ping_status":"closed","template":"","format":"standard","_links":{"self":[{"href":"https:\/\/museuflorestal.ambiente.sp.gov.br\/acervo\/wp-json\/wp\/v2\/tnc_col_329_item\/9564"}],"collection":[{"href":"https:\/\/museuflorestal.ambiente.sp.gov.br\/acervo\/wp-json\/wp\/v2\/tnc_col_329_item"}],"about":[{"href":"https:\/\/museuflorestal.ambiente.sp.gov.br\/acervo\/wp-json\/wp\/v2\/types\/tnc_col_329_item"}],"replies":[{"embeddable":true,"href":"https:\/\/museuflorestal.ambiente.sp.gov.br\/acervo\/wp-json\/wp\/v2\/comments?post=9564"}],"version-history":[{"count":0,"href":"https:\/\/museuflorestal.ambiente.sp.gov.br\/acervo\/wp-json\/wp\/v2\/tnc_col_329_item\/9564\/revisions"}],"wp:featuredmedia":[{"embeddable":true,"href":"https:\/\/museuflorestal.ambiente.sp.gov.br\/acervo\/wp-json\/wp\/v2\/media\/9565"}],"wp:attachment":[{"href":"https:\/\/museuflorestal.ambiente.sp.gov.br\/acervo\/wp-json\/wp\/v2\/media?parent=9564"}],"curies":[{"name":"wp","href":"https:\/\/api.w.org\/{rel}","templated":true}]}}