{"id":9631,"date":"2021-11-30T20:34:54","date_gmt":"2021-11-30T22:34:54","guid":{"rendered":"https:\/\/museuflorestal.ambiente.sp.gov.br\/acervo\/?post_type=tnc_col_329_item&#038;p=9631"},"modified":"2021-11-30T20:34:55","modified_gmt":"2021-11-30T22:34:55","slug":"beckman-ph-meter","status":"publish","type":"tnc_col_329_item","link":"https:\/\/museuflorestal.ambiente.sp.gov.br\/acervo\/museu-florestal-octavio-vecchi\/beckman-ph-meter\/","title":{"rendered":"Beckman ph meter"},"content":{"rendered":"<p>Aparelho em forma de caixa de madeira com tampa presa por duas dobradi\u00e7as met\u00e1licas, uma al\u00e7a na parte de cima parafusada em duas estruturas met\u00e1licas; um fecho met\u00e1lico na frente e uma portinhola presa \u00e0 caixa por dobradi\u00e7a grande. Na lateral da tampa h\u00e1 uma placa met\u00e1lica com a inscri\u00e7\u00e3o &#8220;IF01396&#8221;. Na mesma lateral da caixa h\u00e1 uma etiqueta com a inscri\u00e7\u00e3o &#8220;Genetica&#8221;. Na parte frontal da caixa h\u00e1 um adesivo em forma de losango com a identifica\u00e7\u00e3o da empresa que, provavelmente, vendeu o aparelho. Possui quatro p\u00e9s redondos e duas estruturas met\u00e1licas que interagem com a portinhola da frente. Dentro da portinhola h\u00e1 um compartimento de revestimento branco, com duas estruturas ligadas a um fio, sendo uma de metal, vidro e borracha, e a outra de metal e borracha. Esses fios est\u00e3o ligados as outras estruturas presas na portinhola de metal e vidro. Na parte de dentro da tampa h\u00e1 instru\u00e7\u00f5es de uso em ingl\u00eas em papel com um esquema do objeto. Em uma das laterais h\u00e1 duas placas de metal de identifica\u00e7\u00e3o com as inscri\u00e7\u00f5es &#8220;Sold by Arthur H. Thomas Co. &#8221; e &#8220;Philadelphia. USA&#8221;. Dentro da caixa h\u00e1 um painel preto com um adesivo igual ao da frente, informa\u00e7\u00f5es de medi\u00e7\u00e3o, reguladores e alavancas, medidores de vidro.<\/p>\n","protected":false},"featured_media":9634,"parent":0,"menu_order":0,"comment_status":"closed","ping_status":"closed","template":"","format":"standard","_links":{"self":[{"href":"https:\/\/museuflorestal.ambiente.sp.gov.br\/acervo\/wp-json\/wp\/v2\/tnc_col_329_item\/9631"}],"collection":[{"href":"https:\/\/museuflorestal.ambiente.sp.gov.br\/acervo\/wp-json\/wp\/v2\/tnc_col_329_item"}],"about":[{"href":"https:\/\/museuflorestal.ambiente.sp.gov.br\/acervo\/wp-json\/wp\/v2\/types\/tnc_col_329_item"}],"replies":[{"embeddable":true,"href":"https:\/\/museuflorestal.ambiente.sp.gov.br\/acervo\/wp-json\/wp\/v2\/comments?post=9631"}],"version-history":[{"count":0,"href":"https:\/\/museuflorestal.ambiente.sp.gov.br\/acervo\/wp-json\/wp\/v2\/tnc_col_329_item\/9631\/revisions"}],"wp:featuredmedia":[{"embeddable":true,"href":"https:\/\/museuflorestal.ambiente.sp.gov.br\/acervo\/wp-json\/wp\/v2\/media\/9634"}],"wp:attachment":[{"href":"https:\/\/museuflorestal.ambiente.sp.gov.br\/acervo\/wp-json\/wp\/v2\/media?parent=9631"}],"curies":[{"name":"wp","href":"https:\/\/api.w.org\/{rel}","templated":true}]}}